{"id":451,"date":"2017-03-09T16:54:08","date_gmt":"2017-03-09T15:54:08","guid":{"rendered":"http:\/\/www.porphyrie-leberring.de\/?page_id=451"},"modified":"2025-01-07T17:51:04","modified_gmt":"2025-01-07T16:51:04","slug":"unsere-gruppe","status":"publish","type":"page","link":"https:\/\/www.porphyrie-leberring.de\/en\/neuigkeiten\/unsere-gruppe\/","title":{"rendered":"Unsere Gruppe"},"content":{"rendered":"<h2>Von 2008 bis heute<\/h2>\n<p>Im Dezember 2008 hatten wir unser erstes Gruppentreffen mit f\u00fcnf Teilnehmern. Zurzeit (2020) haben wir in unserer Porphyrie-Gruppe fast 80 Betroffene gelistet. Die Betroffenen kommen aus dem gesamten Bundesgebiet, davon sind ca. 10% aus Berlin und 20% aus Brandenburg.<\/p>\n<p>Seit 2015 sind wir mit der Porphyrie Mitglied bei der ACHSE e.V. (Allianz Chronischer Seltener Erkrankungen).<\/p>\n<p>&nbsp;<\/p>\n<h2>Unsere Gruppentreffen<\/h2>\n<p>Unsere aktive Gruppe trifft sich zwei Mal j\u00e4hrlich. Wir organisieren je ein Treffen mit einem \u00e4rztlichen Vortrag und ein weiteres in offener Runde. Die Zusammenk\u00fcnfte finden an einem Samstag statt und dauern ca. 2 &#8211; 4 Stunden. Da 90% der Teilnehmer eine mehr oder weniger lange Anreise haben, bereiten wir stets einen Imbiss vor.<\/p>\n<p>&nbsp;<\/p>\n<h2>Unsere T\u00e4tigkeiten und Aktionen<\/h2>\n<p>In den Jahren 2014, 2017, 2019 und 2023 organisierten wir ein zweit\u00e4giges Symposium am Charit\u00e9-Campus Benjamin Franklin mit Spezialisten aus Deutschland und der Schweiz.<\/p>\n<p>Seit 2016 stellen wir diese Porphyrie-Website f\u00fcr Termine und Informationen zur Verf\u00fcgung. Weiterhin haben wir ein <a href=\"https:\/\/forum.porphyrie-leberring.de\/\" target=\"_blank\" rel=\"noopener noreferrer\">Porphyrie Forum<\/a> gegr\u00fcndet, in dem Betroffene sich informieren und mit anderen austauschen k\u00f6nnen.<\/p>\n<p>Zudem arbeiten wir an einer \u00c4rzte-\/Klinikdatenbank und sind bestrebt, Veranstaltungsinformationen, Studienergebnisse, Medikamentenauflistungen und weiteres Interessantes zu finden und weiterzugeben.<\/p>\n<p>Des Weiteren versenden wir einen Newsletter f\u00fcr eingetragene Betroffene.<\/p>\n<p>&nbsp;<\/p>\n<h2>Wir freuen uns auf Sie!<\/h2>\n<p>Wenn wir Ihr Interesse an unserer Porphyrie-Gruppe geweckt haben, dann sind Sie uns jederzeit herzlich willkommen. Wenn Sie m\u00f6chten, dann nehmen Sie doch gerne <a href=\"http:\/\/www.porphyrie-leberring.de\/impressum\/\" target=\"_blank\" rel=\"noopener noreferrer\">Kontakt<\/a> mit uns auf. \u00dcber aktuelle Neuigkeiten und Termine informiert unser Newsletter.<\/p>\n<p>Au\u00dferdem w\u00fcrden wir uns sehr \u00fcber Unterst\u00fctzung f\u00fcr unsere Porphyrie-Webseite freuen, um sie weiterhin kontinuierlich verbessern zu k\u00f6nnen. Sie finden einiges dazu im <a href=\"http:\/\/www.porphyrie-leberring.de\/informationsmaterialien\/downloadbereich\/\" target=\"_blank\" rel=\"noopener noreferrer\">Downloadbereich<\/a>, so z. B. ein Stammbaumformular und eine M\u00f6glichkeit, Ihre Erfahrungen mit uns auszutauschen.<\/p>\n<p>Im <a href=\"https:\/\/forum.porphyrie-leberring.de\/\" target=\"_blank\" rel=\"noopener noreferrer\">Porphyrie Forum<\/a> k\u00f6nnen Sie mit anderen Betroffenen in Kontakt treten.<\/p>\n","protected":false},"excerpt":{"rendered":"<p>Von 2008 bis heute Im Dezember 2008 hatten wir unser erstes Gruppentreffen mit f\u00fcnf Teilnehmern. Zurzeit (2020) haben wir in unserer Porphyrie-Gruppe fast 80 Betroffene gelistet. Die Betroffenen kommen aus dem gesamten Bundesgebiet, davon sind ca. 10% aus Berlin und 20% aus Brandenburg. Seit 2015 sind wir mit der Porphyrie Mitglied bei der ACHSE e.V. [&hellip;]<\/p>\n","protected":false},"author":2,"featured_media":0,"parent":211,"menu_order":0,"comment_status":"closed","ping_status":"closed","template":"","meta":{"footnotes":""},"class_list":["post-451","page","type-page","status-publish","czr-hentry"],"translation":{"provider":"WPGlobus","version":"3.0.2","language":"en","enabled_languages":["de","en"],"languages":{"de":{"title":true,"content":true,"excerpt":false},"en":{"title":false,"content":false,"excerpt":false}}},"aioseo_notices":[],"_links":{"self":[{"href":"https:\/\/www.porphyrie-leberring.de\/en\/wp-json\/wp\/v2\/pages\/451","targetHints":{"allow":["GET"]}}],"collection":[{"href":"https:\/\/www.porphyrie-leberring.de\/en\/wp-json\/wp\/v2\/pages"}],"about":[{"href":"https:\/\/www.porphyrie-leberring.de\/en\/wp-json\/wp\/v2\/types\/page"}],"author":[{"embeddable":true,"href":"https:\/\/www.porphyrie-leberring.de\/en\/wp-json\/wp\/v2\/users\/2"}],"replies":[{"embeddable":true,"href":"https:\/\/www.porphyrie-leberring.de\/en\/wp-json\/wp\/v2\/comments?post=451"}],"version-history":[{"count":17,"href":"https:\/\/www.porphyrie-leberring.de\/en\/wp-json\/wp\/v2\/pages\/451\/revisions"}],"predecessor-version":[{"id":2770,"href":"https:\/\/www.porphyrie-leberring.de\/en\/wp-json\/wp\/v2\/pages\/451\/revisions\/2770"}],"up":[{"embeddable":true,"href":"https:\/\/www.porphyrie-leberring.de\/en\/wp-json\/wp\/v2\/pages\/211"}],"wp:attachment":[{"href":"https:\/\/www.porphyrie-leberring.de\/en\/wp-json\/wp\/v2\/media?parent=451"}],"curies":[{"name":"wp","href":"https:\/\/api.w.org\/{rel}","templated":true}]}}