{"id":235,"date":"2016-11-14T00:32:55","date_gmt":"2016-11-13T23:32:55","guid":{"rendered":"http:\/\/www.porphyrie-leberring.de\/?page_id=235"},"modified":"2025-03-04T17:09:15","modified_gmt":"2025-03-04T16:09:15","slug":"vortraege-veranstaltungen","status":"publish","type":"page","link":"https:\/\/www.porphyrie-leberring.de\/en\/informationsmaterialien\/vortraege-veranstaltungen\/","title":{"rendered":"Talks \/ Events"},"content":{"rendered":"<h1>Kommende Veranstaltungen und Vortr\u00e4ge<\/h1>\n<p>F\u00fcr den Herbst 2025 planen wir ein internationales Porphyrie-Gruppentreffen.<\/p>\n<p>&nbsp;<\/p>\n<h1>Vergangene Veranstaltungen und Vortr\u00e4ge<\/h1>\n<h2>Porphyrie-Infotag 2024<\/h2>\n<p>Am 23. November 2024, lud der Berliner Leberring e.V. zu einem Porphyrie-Infotag ins Berliner Charit\u00e9-Klinikum Benjamin Franklin.<\/p>\n<p>Spezialisten berichteten \u00fcber Neues\u00a0 vom Porphyrie-Weltkongress in Pamplona, informierten \u00fcber das Porphyrie-Register und zu Medikamenten, die f\u00fcr Porphyrie-Patienten vertr\u00e4glich sind.\u00a0 Au\u00dferdem gab es Tipps, wie sich Porphyrie-Betroffene verhalten sollten, wenn sie in die Notaufnahme eines Krankenhauses m\u00fcssen und welche Unterlagen sie auf jeden Fall mitnehmen sollten.<\/p>\n<p>Im Anschluss an die Vortr\u00e4ge gab es bei einem Imbiss Gelegenheit zu Gespr\u00e4chen untereinander und mit den Experten.\u00a0<\/p>\n<p>Einen Bericht zum Porphyrie-Infotag finden Sie <a href=\"https:\/\/www.porphyrie-leberring.de\/2025\/01\/bericht-zum-porphyrie-infotag-am-23-11-2024\/\" target=\"_blank\" rel=\"noopener\"><span style=\"color: #ff0000;\">hier<\/span><\/a>.<\/p>\n<h2><span style=\"color: #339966;\">25 Jahre <em>Berliner Leberring e.V.<\/em><\/span><\/h2>\n<p>Hier finden Sie den Film zum 25-j\u00e4hrigen Jubil\u00e4um unseres Vereins:<\/p>\n<figure id=\"attachment_2382\" aria-describedby=\"caption-attachment-2382\" style=\"width: 300px\" class=\"wp-caption alignleft\"><a href=\"https:\/\/www.youtube.com\/watch?v=4dl09szKOJI\" target=\"_blank\" rel=\"noopener\"><img loading=\"lazy\" decoding=\"async\" class=\"wp-image-2382 size-medium\" src=\"https:\/\/www.porphyrie-leberring.de\/wp-content\/uploads\/2022\/08\/25-Jahre-Leberring_Moment-300x169.jpg\" alt=\"\" width=\"300\" height=\"169\" srcset=\"https:\/\/www.porphyrie-leberring.de\/wp-content\/uploads\/2022\/08\/25-Jahre-Leberring_Moment-300x169.jpg 300w, https:\/\/www.porphyrie-leberring.de\/wp-content\/uploads\/2022\/08\/25-Jahre-Leberring_Moment-1024x576.jpg 1024w, https:\/\/www.porphyrie-leberring.de\/wp-content\/uploads\/2022\/08\/25-Jahre-Leberring_Moment-768x432.jpg 768w, https:\/\/www.porphyrie-leberring.de\/wp-content\/uploads\/2022\/08\/25-Jahre-Leberring_Moment-600x338.jpg 600w, https:\/\/www.porphyrie-leberring.de\/wp-content\/uploads\/2022\/08\/25-Jahre-Leberring_Moment-1536x864.jpg 1536w, https:\/\/www.porphyrie-leberring.de\/wp-content\/uploads\/2022\/08\/25-Jahre-Leberring_Moment-1320x743.jpg 1320w, https:\/\/www.porphyrie-leberring.de\/wp-content\/uploads\/2022\/08\/25-Jahre-Leberring_Moment.jpg 1920w\" sizes=\"auto, (max-width: 300px) 100vw, 300px\" \/><\/a><figcaption id=\"caption-attachment-2382\" class=\"wp-caption-text\">bitte anklicken<\/figcaption><\/figure>\n<h2>\u00a0<\/h2>\n<h2>\u00a0<\/h2>\n<h2>\u00a0<\/h2>\n<h2>\u00a0<\/h2>\n<h2>Arzt-Patienten-Seminar zum Jubil\u00e4um<\/h2>\n<p>Aus einer kleinen Selbsthilfegruppe f\u00fcr Hepatitis-C-Betroffene entstand 1997 der Berliner Leberring e.V. Heute ist der Verein Ansprechpartner f\u00fcr alle Menschen mit Lebererkrankungen sowie f\u00fcr Betroffene mit Hepatischer Porphyrie und ihre Angeh\u00f6rigen. Wir sind stolz, dass wir nun schon unser 25-j\u00e4hriges Jubil\u00e4um feiern k\u00f6nnen.<\/p>\n<p>F\u00fcr unser Jubil\u00e4umsjahr haben wir uns bereits einiges vorgenommen. Wir beginnen Ende April mit einem Arzt-Patienten-Semiar:<\/p>\n<p>29.04.2022 , 13.00 bis 16.00 Uhr<br \/>\nNH Hotel Berlin Mitte,<br \/>\n10117 Berlin, Leipziger Str. 106-111<\/p>\n<p>Das Arzt-Patienten-Seminar wird eine Hybrid-Veranstaltung sein, mit Vortr\u00e4gen von Medizinern vor Ort und der M\u00f6glichkeit einer Teilnahme \u00fcber Zoom.<\/p>\n<p>Geplant sind Vortr\u00e4ge zu folgenden Themen:<\/p>\n<p>Virushepatitis Update<\/p>\n<p>Eisen und Lebererkrankungen<\/p>\n<p>Seltene Lebererkrankungen<\/p>\n<p>Porphyrie \u2013 verst\u00e4ndlich erkl\u00e4rt<\/p>\n<p>Porphyrie \u2013 Diagnostik<\/p>\n<p>Porphyrie \u2013 welche Therapieerfahrungen sind gemacht worden?<\/p>\n<p>Porphyrie \u2013 was gibt es Neues in der pharmazeutischen Entwicklung?<\/p>\n<p><a href=\"https:\/\/berliner-leberring.de\/wp-content\/uploads\/2022\/03\/Anmeldung-zum-APS-1.pdf\" target=\"_blank\" rel=\"noopener\">Den\u00a0 Anmeldebogen finden Sie hier.<\/a><\/p>\n<p><a title=\"Arzt-Patienten-Seminar zum Jubil\u00e4um\" href=\"https:\/\/berliner-leberring.de\/lebererkrankungen-und-porphyrie\/\" target=\"_blank\" rel=\"noopener\">Hier geht es zum Bericht \u00fcber das Arzt-Patienten-Seminar<\/a><\/p>\n<h2>Porphyrie-Symposium 2019<\/h2>\n<p>Am <strong>29. und 30.11.2019<\/strong> fand das dritte Porphyrie-Symposium in Berlin statt:<\/p>\n<ul>\n<li><a href=\"http:\/\/www.porphyrie-leberring.de\/wp-content\/uploads\/2019\/10\/Vorank\u00fcndigung-Symposium-2019.pdf\" target=\"_blank\" rel=\"noopener noreferrer\">Vorank\u00fcndigung zum Porphyrie-Symposium 2019<\/a><\/li>\n<li><a href=\"http:\/\/www.porphyrie-leberring.de\/wp-content\/uploads\/2019\/11\/Einladung-Porphyrie-Symposium-2019.pdf\" target=\"_blank\" rel=\"noopener noreferrer\">Einladung zum Porphyrie-Symposium 2019<\/a><\/li>\n<li><a href=\"http:\/\/www.porphyrie-leberring.de\/wp-content\/uploads\/2019\/10\/Anmeldung.2019.pdf\" target=\"_blank\" rel=\"noopener noreferrer\">Anmeldung zum Porphyrie-Symposium 2019<\/a><\/li>\n<li><a href=\"http:\/\/www.porphyrie-leberring.de\/wp-content\/uploads\/2019\/10\/Anfahrt-und-Anreise-zum-Berliner-Leberring-e.V.pdf\" target=\"_blank\" rel=\"noopener noreferrer\">Anfahrt und Anreise zum Porphyrie-Symposium 2019<\/a><\/li>\n<li><a href=\"http:\/\/www.porphyrie-leberring.de\/wp-content\/uploads\/2019\/10\/Hotels-im-Umkreis-vom-Charit\u00e9-Campus-Benjamin-Franklin.pdf\" target=\"_blank\" rel=\"noopener noreferrer\">Hotels im Umkreis vom Charit\u00e9 Campus Benjamin Franklin<\/a><\/li>\n<\/ul>\n<p>Einen Bericht zum 3. Porphyrie-Symposium finden Sie <a href=\"http:\/\/www.porphyrie-leberring.de\/wp-content\/uploads\/2020\/01\/Bericht-Porphyriesymposium-2019.pdf\" target=\"_blank\" rel=\"noopener noreferrer\">hier<\/a><\/p>\n<h3><strong>Hier geht&#8217;s zum Film \u00fcber das 3. Porphyrie-Symposium:<\/strong><\/h3>\n<p>Bitte auf das Bild klicken<\/p>\n<p><a href=\"https:\/\/youtu.be\/Y1VbA0ndWfk \" target=\"_blank\" rel=\"noopener\"><img loading=\"lazy\" decoding=\"async\" class=\"alignleft wp-image-2478 size-medium\" src=\"https:\/\/www.porphyrie-leberring.de\/wp-content\/uploads\/2023\/04\/porphyrie-300x163.png\" alt=\"Film zum 3. Porphyrie-Symposium\" width=\"300\" height=\"163\" srcset=\"https:\/\/www.porphyrie-leberring.de\/wp-content\/uploads\/2023\/04\/porphyrie-300x163.png 300w, https:\/\/www.porphyrie-leberring.de\/wp-content\/uploads\/2023\/04\/porphyrie-768x416.png 768w, https:\/\/www.porphyrie-leberring.de\/wp-content\/uploads\/2023\/04\/porphyrie.png 817w\" sizes=\"auto, (max-width: 300px) 100vw, 300px\" \/><\/a><\/p>\n<p>&nbsp;<\/p>\n<p>&nbsp;<\/p>\n<p>&nbsp;<\/p>\n<p>&nbsp;<\/p>\n<p>&nbsp;<\/p>\n<h2>Porphyrie-Gruppentreffen November 2018<\/h2>\n<p>Wir danken allen Teilnehmern, Referenten, freiwilligen Helfern und Unterst\u00fctzern f\u00fcr das sch\u00f6ne Gruppentreffen am 03.11.2018.<br \/>\nMehr zu den Themen des Treffens finden Sie in unserem <a href=\"http:\/\/www.porphyrie-leberring.de\/wp-content\/uploads\/2019\/03\/Bericht-zum-Porphyrie-Gruppentreffen-am-03.11.2018.pdf\" target=\"_blank\" rel=\"noopener noreferrer\">Bericht zum Porphyrie-Gruppentreffen am 03.11.2018<\/a>.<\/p>\n<p>&nbsp;<\/p>\n<h2>Porphyrie-Symposium 2017<\/h2>\n<p>Die Porphyrie-Symposia geh\u00f6ren zu den gr\u00f6\u00dferen Veranstaltngen unseres Vereins. Daher haben wir dem zweit\u00e4gigen Symposium eine separate Seite gewidmet: <a href=\"http:\/\/www.porphyrie-leberring.de\/neuigkeiten\/2-porphyrie-symposium-berlin-2017\/\" target=\"_blank\" rel=\"noopener noreferrer\"> 2. Porphyrie-Symposium Berlin 2017<\/a><\/p>\n<p>&nbsp;<\/p>\n<h2>Porphyrie-Symposium 2014<\/h2>\n<p>Das erste Porphyrie-Symposium fand statt, bevor der Bereich Porphyrie eine eigene Webseite bekam. Zur Erinnerung haben wir die damalige Einladung hier f\u00fcr Sie bereitgestellt: <a href=\"http:\/\/www.porphyrie-leberring.de\/informationsmaterialien\/zur-erinnerung-an-das-erste-porphyrie-symposium-2014-in-berlin\/\" target=\"_blank\" rel=\"noopener noreferrer\">Zur Erinnerung an das erste Porphyrie-Symposium 2014 in Berlin<\/a>.<\/p>\n<p>&nbsp;<\/p>\n","protected":false},"excerpt":{"rendered":"<p>Kommende Veranstaltungen und Vortr\u00e4ge F\u00fcr den Herbst 2025 planen wir ein internationales Porphyrie-Gruppentreffen. &nbsp; Vergangene Veranstaltungen und Vortr\u00e4ge Porphyrie-Infotag 2024 Am 23. November 2024, lud der Berliner Leberring e.V. zu einem Porphyrie-Infotag ins Berliner Charit\u00e9-Klinikum Benjamin Franklin. Spezialisten berichteten \u00fcber Neues\u00a0 vom Porphyrie-Weltkongress in Pamplona, informierten \u00fcber das Porphyrie-Register und zu Medikamenten, die f\u00fcr Porphyrie-Patienten [&hellip;]<\/p>\n","protected":false},"author":1,"featured_media":0,"parent":439,"menu_order":0,"comment_status":"closed","ping_status":"closed","template":"","meta":{"footnotes":""},"class_list":["post-235","page","type-page","status-publish","czr-hentry"],"translation":{"provider":"WPGlobus","version":"3.0.2","language":"en","enabled_languages":["de","en"],"languages":{"de":{"title":true,"content":true,"excerpt":false},"en":{"title":true,"content":false,"excerpt":false}}},"aioseo_notices":[],"_links":{"self":[{"href":"https:\/\/www.porphyrie-leberring.de\/en\/wp-json\/wp\/v2\/pages\/235","targetHints":{"allow":["GET"]}}],"collection":[{"href":"https:\/\/www.porphyrie-leberring.de\/en\/wp-json\/wp\/v2\/pages"}],"about":[{"href":"https:\/\/www.porphyrie-leberring.de\/en\/wp-json\/wp\/v2\/types\/page"}],"author":[{"embeddable":true,"href":"https:\/\/www.porphyrie-leberring.de\/en\/wp-json\/wp\/v2\/users\/1"}],"replies":[{"embeddable":true,"href":"https:\/\/www.porphyrie-leberring.de\/en\/wp-json\/wp\/v2\/comments?post=235"}],"version-history":[{"count":19,"href":"https:\/\/www.porphyrie-leberring.de\/en\/wp-json\/wp\/v2\/pages\/235\/revisions"}],"predecessor-version":[{"id":2743,"href":"https:\/\/www.porphyrie-leberring.de\/en\/wp-json\/wp\/v2\/pages\/235\/revisions\/2743"}],"up":[{"embeddable":true,"href":"https:\/\/www.porphyrie-leberring.de\/en\/wp-json\/wp\/v2\/pages\/439"}],"wp:attachment":[{"href":"https:\/\/www.porphyrie-leberring.de\/en\/wp-json\/wp\/v2\/media?parent=235"}],"curies":[{"name":"wp","href":"https:\/\/api.w.org\/{rel}","templated":true}]}}